{"id":86,"date":"2018-02-26T09:34:01","date_gmt":"2018-02-26T08:34:01","guid":{"rendered":"http:\/\/krzysztofwalczewski.art\/?page_id=86"},"modified":"2018-03-01T13:49:32","modified_gmt":"2018-03-01T12:49:32","slug":"biografia","status":"publish","type":"page","link":"https:\/\/krzysztofwalczewski.art\/index.php\/strona-glowna\/biografia\/","title":{"rendered":"Biografia"},"content":{"rendered":"<p>[et_pb_section bb_built=\"1\" _builder_version=\"3.0.105\" background_image=\"http:\/\/krzysztofwalczewski.art\/wp-content\/uploads\/2018\/03\/tlo5.jpg\" parallax=\"on\"][et_pb_row _builder_version=\"3.0.105\"][et_pb_column type=\"4_4\"][et_pb_text _builder_version=\"3.0.105\" background_layout=\"light\" header_text_align=\"center\" header_font_size=\"36px\"]<\/p>\n<h1>Biografia<\/h1>\n<p>[\/et_pb_text][et_pb_divider _builder_version=\"3.0.105\" show_divider=\"on\" color=\"#cccccc\" height=\"12px\" max_width=\"70%\" module_alignment=\"center\" \/][\/et_pb_column][\/et_pb_row][et_pb_row][et_pb_column type=\"4_4\"][et_pb_image _builder_version=\"3.0.105\" src=\"http:\/\/krzysztofwalczewski.art\/wp-content\/uploads\/2018\/02\/DSC_0044\u20111.jpg\" show_in_lightbox=\"off\" url_new_window=\"off\" use_overlay=\"off\" always_center_on_mobile=\"on\" force_fullwidth=\"off\" show_bottom_space=\"on\" \/][et_pb_text _builder_version=\"3.0.105\" background_layout=\"light\" header_text_align=\"center\" custom_margin=\"6%|||\" header_2_text_align=\"center\"]<\/p>\n<h2>Krzysztof Walczewski<\/h2>\n<p>[\/et_pb_text][et_pb_tabs _builder_version=\"3.0.105\" tab_font=\"|300|||||||\" body_font=\"|300|||||||\" border_color_all=\"#eeeeee\" active_tab_background_color=\"#eeeeee\" inactive_tab_background_color=\"#fafafa\" module_class=\"biogram\" border_width_all=\"0px\"][et_pb_tab _builder_version=\"3.0.105\" title=\"Polski\" use_background_color_gradient=\"off\" background_color_gradient_start=\"#2b87da\" background_color_gradient_end=\"#29c4a9\" background_color_gradient_type=\"linear\" background_color_gradient_direction=\"180deg\" background_color_gradient_direction_radial=\"center\" background_color_gradient_start_position=\"0%\" background_color_gradient_end_position=\"100%\" background_color_gradient_overlays_image=\"off\" parallax=\"off\" parallax_method=\"on\" background_size=\"cover\" background_position=\"center\" background_repeat=\"no-repeat\" background_blend=\"normal\" allow_player_pause=\"off\" background_video_pause_outside_viewport=\"on\" tab_text_shadow_style=\"none\" tab_text_shadow_horizontal_length=\"0em\" tab_text_shadow_vertical_length=\"0em\" tab_text_shadow_blur_strength=\"0em\" body_text_shadow_style=\"none\" body_text_shadow_horizontal_length=\"0em\" body_text_shadow_vertical_length=\"0em\" body_text_shadow_blur_strength=\"0em\" tab_font=\"||||||||\" body_font=\"||||||||\"]<\/p>\n<p>Uro\u00addzo\u00adny w&nbsp;1950 r. w&nbsp;miej\u00adsco\u00adwo\u00ad\u015bci Sero\u00adkom\u00adla na Lubelsz\u00adczy\u017a\u00adnie. W&nbsp;1969 r. uko\u0144\u00adczy\u0142 Pa\u0144\u00adstwo\u00adwe Liceum Sztuk Pla\u00adstycz\u00adnych w&nbsp;Lubli\u00adnie, a&nbsp;w 1977 r. \u2013 Wydzia\u0142 Sztuk Pi\u0119k\u00adnych Uni\u00adwer\u00adsy\u00adte\u00adtu Miko\u00ad\u0142a\u00adja Koper\u00adni\u00adka w&nbsp;Toru\u00adniu, gdzie zdo\u00adby\u0142 dyplom w&nbsp;zakre\u00adsie malar\u00adstwa i&nbsp;peda\u00adgo\u00adgi\u00adki arty\u00adstycz\u00adnej w&nbsp;pra\u00adcow\u00adni prof. Mie\u00adczy\u00ads\u0142a\u00adwa Wi\u015bniewskiego.<\/p>\n<p>Pra\u00adco\u00adwa\u0142 m. in. w&nbsp;Biu\u00adrze Wystaw Arty\u00adstycz\u00adnych w&nbsp;Toru\u00adniu, a&nbsp;od ponad dwu\u00addzie\u00adstu lat \u2013 w&nbsp;Gale\u00adrii Sztu\u00adki Wsp\u00f3\u0142\u00adcze\u00adsnej we W\u0142o\u00adc\u0142aw\u00adku, jako orga\u00adni\u00adza\u00adtor i&nbsp;kura\u00adtor wystaw oraz pro\u00adwa\u00addz\u0105\u00adcy dzia\u00ad\u0142al\u00adno\u015b\u0107 edu\u00adka\u00adcyj\u00adn\u0105 dzie\u00adci i&nbsp;m\u0142odzie\u017cy.<\/p>\n<p>Od wie\u00adlu lat pro\u00adwa\u00addzi samo\u00addziel\u00adn\u0105 dzia\u00ad\u0142al\u00adno\u015b\u0107 tw\u00f3r\u00adcz\u0105, godz\u0105c j\u0105 z&nbsp;pra\u00adc\u0105 zawo\u00addo\u00adw\u0105. Reali\u00adzu\u00adje si\u0119 tw\u00f3r\u00adczo w&nbsp;szcze\u00adg\u00f3l\u00adnie trud\u00adnej ga\u0142\u0119\u00adzi malar\u00adstwa, jak\u0105 jest akwarela.<\/p>\n<p>Bra\u0142 udzia\u0142 w&nbsp;kil\u00adku\u00addzie\u00adsi\u0119\u00adciu wysta\u00adwach zbio\u00adro\u00adwych i&nbsp;indy\u00adwi\u00addu\u00adal\u00adnych Pol\u00adsce i&nbsp;za gra\u00adni\u00adc\u0105, m. in. w&nbsp;Klu\u00adbie \"ODNOWA\" w&nbsp;Toru\u00adniu, O\u015brod\u00adku Infor\u00adma\u00adcji i&nbsp;Kul\u00adtu\u00adry Pol\u00adskiej w&nbsp;Ber\u00adli\u00adnie, Gale\u00adrii Biu\u00adra Wystaw Arty\u00adstycz\u00adnych w&nbsp;Toru\u00adniu, Gale\u00adrii Pra\u00adcow\u00adni Sztuk Pla\u00adstycz\u00adnych w&nbsp;Toru\u00adniu, Gale\u00adrii w&nbsp;Realin\u00adgen k.\/Oslo, Gale\u00adrii Pra\u00adcow\u00adni Sztuk Pla\u00adstycz\u00adnych we W\u0142o\u00adc\u0142aw\u00adku, Gale\u00adrii Biu\u00adra Wystaw Arty\u00adstycz\u00adnych w&nbsp;Sie\u00adra\u00addzu, w&nbsp;Muzeum Wis\u0142y w&nbsp;Tcze\u00adwie, w&nbsp;Muzeum Okr\u0119\u00adgo\u00adwym w&nbsp;Toru\u00adniu, w&nbsp;Gale\u00adrii \"Wozow\u00adnia\" w&nbsp;Toru\u00adniu, w&nbsp;Gale\u00adrii Sztu\u00adki Wsp\u00f3\u0142\u00adcze\u00adsnej we W\u0142oc\u0142awku.<\/p>\n<p>Jego pra\u00adce by\u0142y nagra\u00addza\u00adne i&nbsp;wyr\u00f3\u017c\u00adnia\u00adne, m. in. w&nbsp;kon\u00adkur\u00adsie malar\u00adskim \"W\u0142o\u00adc\u0142aw\u00adskie Impre\u00adsje\" orga\u00adni\u00adzo\u00adwa\u00adnym przez DKTK W\u0142o\u00adc\u0142a\u00adwek, w&nbsp;og\u00f3l\u00adno\u00adpol\u00adskiej wysta\u00adwie \"Akwa\u00adre\u00adla znad Wis\u0142y\" w&nbsp;PGSW we W\u0142o\u00adc\u0142aw\u00adku, w&nbsp;kon\u00adkur\u00adsie \"Dzie\u00ad\u0142o Roku 1996\" orga\u00adni\u00adzo\u00adwa\u00adnym przez Zarz\u0105d Okr\u0119\u00adgu Zwi\u0105z\u00adku Pol\u00adskich Arty\u00adst\u00f3w Pla\u00adsty\u00adk\u00f3w w&nbsp;Toru\u00adniu i&nbsp;Muzeum Okr\u0119\u00adgo\u00adwe w&nbsp;Toru\u00adniu, w&nbsp;kon\u00adkur\u00adsie malar\u00adskim \"Pej\u00adza\u017c Kujaw\u00adsko-Dobrzy\u0144\u00adski\" w&nbsp; GSW we W\u0142o\u00adc\u0142aw\u00adku. W&nbsp;1996 r. otrzy\u00adma\u0142 dyplom i&nbsp;nagro\u00add\u0119 Woje\u00adwo\u00addy W\u0142o\u00adc\u0142aw\u00adskie\u00adgo za wie\u00adlo\u00adlet\u00adni\u0105 pra\u00adc\u0119 tw\u00f3r\u00adcz\u0105 i&nbsp;upo\u00adwszech\u00adnia\u00adnie tw\u00f3r\u00adczo\u00ad\u015bci arty\u00adstycz\u00adnej w\u015br\u00f3d dzie\u00adci i&nbsp;m\u0142odzie\u017cy.<\/p>\n<p>Ucznio\u00adwie Krzysz\u00adto\u00adfa Wal\u00adczew\u00adskie\u00adgo z&nbsp;powo\u00addze\u00adniem kon\u00adty\u00adnu\u00aduj\u0105 nauk\u0119 na kie\u00adrun\u00adkach arty\u00adstycz\u00adnych, histo\u00adrycz\u00adnych i&nbsp;architekturze.<\/p>\n<p>Akwa\u00adre\u00adle Krzysz\u00adto\u00adfa Wal\u00adczew\u00adskie\u00adgo repro\u00addu\u00adko\u00adwa\u00adne by\u0142y w&nbsp;kalen\u00adda\u00adrzach \u015bcien\u00adnych i&nbsp;jako cz\u0119\u015b\u0107 ilu\u00adstra\u00adcyj\u00adna w&nbsp;albu\u00admie foto\u00adgra\u00adficz\u00adno-przy\u00adrod\u00adni\u00adczym o&nbsp;Gosty\u0144\u00adsko-W\u0142o\u00adc\u0142aw\u00adskim Par\u00adku Kra\u00adjo\u00adbra\u00adzo\u00adwym, za\u015b arty\u00adku\u00ad\u0142y popu\u00adla\u00adry\u00adzu\u00adj\u0105\u00adce sztu\u00adk\u0119 \u2013 w&nbsp;mie\u00adsi\u0119cz\u00adni\u00adku peda\u00adgo\u00adgicz\u00adnym \"Pla\u00adsty\u00adka w&nbsp;szko\u00adle\" oraz w&nbsp;mie\u00adsi\u0119cz\u00adni\u00adku \"\u017bycie W\u0142oc\u0142awka\".<\/p>\n<p>&nbsp;<\/p>\n<p>[\/et_pb_tab][et_pb_tab _builder_version=\"3.0.105\" title=\"English\" use_background_color_gradient=\"off\" background_color_gradient_start=\"#2b87da\" background_color_gradient_end=\"#29c4a9\" background_color_gradient_type=\"linear\" background_color_gradient_direction=\"180deg\" background_color_gradient_direction_radial=\"center\" background_color_gradient_start_position=\"0%\" background_color_gradient_end_position=\"100%\" background_color_gradient_overlays_image=\"off\" parallax=\"off\" parallax_method=\"on\" background_size=\"cover\" background_position=\"center\" background_repeat=\"no-repeat\" background_blend=\"normal\" allow_player_pause=\"off\" background_video_pause_outside_viewport=\"on\" tab_text_shadow_style=\"none\" tab_text_shadow_horizontal_length=\"0em\" tab_text_shadow_vertical_length=\"0em\" tab_text_shadow_blur_strength=\"0em\" body_text_shadow_style=\"none\" body_text_shadow_horizontal_length=\"0em\" body_text_shadow_vertical_length=\"0em\" body_text_shadow_blur_strength=\"0em\" tab_font=\"||||||||\" body_font=\"||||||||\"]<\/p>\n<p>Born in 1950 in the vil\u00adla\u00adge of Sero\u00adkom\u00adla, Poland. In 1969 he gra\u00addu\u00adated High Scho\u00adol Of Fine Arts in Lublin and in 1977&nbsp; \u2013 Fine Arts Facul\u00adty in the Nico\u00adlaus Coper\u00adni\u00adcus Uni\u00adver\u00adsi\u00adty in Toru\u0144, whe\u00adre he achie\u00adved a&nbsp;diplo\u00adma in sco\u00adpe of Pain\u00adting and Arti\u00adstic Edu\u00adca\u00adtion in Pro\u00adfes\u00adsors Mie\u00adczy\u00ads\u0142aw Wi\u015bniew\u00adski workshop.<\/p>\n<p>Krzysz\u00adtof Wal\u00adczew\u00adski wor\u00adked in the Bure\u00adau of Arti\u00adstic Exhi\u00adbi\u00adtions in Toru\u0144 and for twen\u00adty years in the Gal\u00adle\u00adry Of Modern Art in W\u0142o\u00adc\u0142a\u00adwek as an orga\u00adni\u00adzer and as a&nbsp;cura\u00adtor of exhi\u00adbi\u00adtions. He also leads edu\u00adca\u00adtio\u00adnal acti\u00advi\u00adty of chil\u00addren and&nbsp;youth.<\/p>\n<p>For many years he con\u00adducts cre\u00adati\u00adve acti\u00advi\u00adty along\u00adsi\u00adde full time job. He ful\u00adfills one\u00adself in an expli\u00adci\u00adtly dif\u00adfi\u00adcult branch of pain\u00adting which is watercolor.<\/p>\n<p>He par\u00adti\u00adci\u00adpa\u00adted in seve\u00adral dozen of gro\u00adup and indi\u00advi\u00addu\u00adal exhi\u00adbi\u00adtions in Poland and abro\u00adad for exam\u00adple in \"ODNOWA\" club in Toru\u0144, Cen\u00adter of Infor\u00adma\u00adtion and Polish Cul\u00adtu\u00adre in Ber\u00adlin, Gal\u00adle\u00adry of the Bure\u00adau of Arti\u00adstic Exhi\u00adbi\u00adtions in Toru\u0144, Gal\u00adle\u00adry of Fine Arts Work\u00adshop in Toru\u0144, Gal\u00adle\u00adry in Realin\u00adger near Oslo, Gal\u00adle\u00adry of Fine Arts Work\u00adshop in W\u0142o\u00adc\u0142a\u00adwek, Gal\u00adle\u00adry of the Bure\u00adau of Arti\u00adstic Exhi\u00adbi\u00adtions in Sie\u00adradz, The Vistu\u00adla Museum in Tczew, The District Museum in Toru\u0144, The \"Wozow\u00adnia\" Gal\u00adle\u00adry in Toru\u0144, Gal\u00adle\u00adry of Modern Arts in W\u0142oc\u0142awek.<\/p>\n<p>His works were rewar\u00added and distin\u00adgu\u00adished i.e. in pain\u00adting con\u00adtest \u201e<em>Wloc\u00adla\u00advian Impres\u00adsions\u201d<\/em> orga\u00adni\u00adsed by DKTK W\u0142o\u00adc\u0142a\u00adwek, in natio\u00adnal exhi\u00adbi\u00adtion \u201e<em>Water\u00adco\u00adlors from Vistu\u00adla\u201d<\/em> in PGSW in W\u0142o\u00adc\u0142a\u00adwek, in con\u00adtest \u201e<em>Work of the year 1996\u201d<\/em> orga\u00adni\u00adsed by The Coun\u00adcil of District of the Union of Polish Visu\u00adal Arti\u00adsts in Toru\u0144 and District Museum in Toru\u0144, pain\u00adting con\u00adtest \u201e<em>Kuy\u00adavian-Dobrzy\u00adnian Land\u00adsca\u00adpe\u201d<\/em> in Gal\u00adle\u00adry Of Modern Art in W\u0142o\u00adc\u0142a\u00adwek. In 1996 he was awar\u00added with a&nbsp;diplo\u00adma and W\u0142o\u00adc\u0142a\u00advian Voivo\u00adde pri\u00adze for peren\u00adnial cre\u00adati\u00adve work and popu\u00adla\u00adri\u00adza\u00adtion of cre\u00adati\u00advi\u00adty and cul\u00adtu\u00adre among chil\u00addren and&nbsp;youth.<\/p>\n<p>Krzysz\u00adtof Walczewski's stu\u00addents con\u00adti\u00adnue the\u00adir edu\u00adca\u00adtion with suc\u00adcess in fields of art, histo\u00adry and archi\u00adtec\u00adtu\u00adre. His water\u00adco\u00adlor pain\u00adtings were repro\u00addu\u00adced on wall calen\u00addars and as an illu\u00adstra\u00adti\u00adve part in pho\u00adto\u00adgra\u00adphic album abo\u00adut Gosty\u00adnin-W\u0142o\u00adc\u0142a\u00adwek Land\u00adsca\u00adpe Park, Artic\u00adles popu\u00adla\u00adri\u00adzing art were publi\u00adshed in mon\u00adth\u00adly jour\u00adnals \u2013 \u201e<em>Fine Arts in Scho\u00adol\u201d<\/em> and \u201e<em>Life of W\u0142o\u00adc\u0142a\u00adwek\u201d<\/em>.<\/p>\n<p>[\/et_pb_tab][et_pb_tab _builder_version=\"3.0.105\" title=\"Deutsch\" use_background_color_gradient=\"off\" background_color_gradient_start=\"#2b87da\" background_color_gradient_end=\"#29c4a9\" background_color_gradient_type=\"linear\" background_color_gradient_direction=\"180deg\" background_color_gradient_direction_radial=\"center\" background_color_gradient_start_position=\"0%\" background_color_gradient_end_position=\"100%\" background_color_gradient_overlays_image=\"off\" parallax=\"off\" parallax_method=\"on\" background_size=\"cover\" background_position=\"center\" background_repeat=\"no-repeat\" background_blend=\"normal\" allow_player_pause=\"off\" background_video_pause_outside_viewport=\"on\" tab_text_shadow_style=\"none\" tab_text_shadow_horizontal_length=\"0em\" tab_text_shadow_vertical_length=\"0em\" tab_text_shadow_blur_strength=\"0em\" body_text_shadow_style=\"none\" body_text_shadow_horizontal_length=\"0em\" body_text_shadow_vertical_length=\"0em\" body_text_shadow_blur_strength=\"0em\" tab_font=\"||||||||\" body_font=\"||||||||\"]<\/p>\n<p>Gebo\u00adren im Jahr 1950 in Sero\u00adkom\u00adla, in der Umge\u00adbung von Lublin (Polen). Abso\u00adlvent der Sta\u00adatli\u00adchen Kun\u00adsto\u00adber\u00adschu\u00adle in Lublin. Stu\u00addium an der Fakul\u00adt\u00e4t f\u00fcr Bil\u00adden\u00adde Kunst an der Niko\u00adlaus-Koper\u00adni\u00adkus-Uni\u00adver\u00adsi\u00adt\u00e4t in Thorn. Diplo\u00admar\u00adbe\u00adit im Jahr 1977 im Bere\u00adich Male\u00adrei und Kun\u00adst\u00adp\u00e4da\u00adgo\u00adgik im Ate\u00adlier von Prof. Mie\u00adczy\u00ads\u0142aw Wi\u015bniewski.<\/p>\n<p>Er arbe\u00adite\u00adte u.a. im B\u00fcro f\u00fcr Kun\u00adstaus\u00adstel\u00adlun\u00adgen in Thorn. Seit \u00fcber 20 Jah\u00adren ist er in der Gale\u00adrie f\u00fcr Zeit\u00adge\u00adn\u00f6s\u00adsi\u00adsche Kunst in W\u0142o\u00adc\u0142a\u00adwek als Veran\u00adstal\u00adter und Kura\u00adtor von Aus\u00adstel\u00adlun\u00adgen t\u00e4tig. Der K\u00fcn\u00adstler leistet auch Bil\u00addung\u00adsar\u00adbe\u00adit f\u00fcr Kin\u00adder und Jugendliche.<\/p>\n<p>Seit vie\u00adlen Jah\u00adren \u00fcbt Krzysz\u00adtof Wal\u00adczew\u00adski eige\u00adne k\u00fcn\u00adstle\u00adri\u00adsche T\u00e4tig\u00adke\u00adit aus, die er mit der Beru\u00adfsar\u00adbe\u00adit erfol\u00adgre\u00adich in Ein\u00adklang bringt. Er ver\u00adwir\u00adklicht sich k\u00fcn\u00adstle\u00adrisch als Aqu\u00adarel\u00adlist, obwohl die\u00adser Kun\u00adst\u00adzwe\u00adig \u00e4u\u00dferst schwie\u00adrig&nbsp;sei.<\/p>\n<p>Er nahm an zahl\u00adre\u00adichen indi\u00advi\u00addu\u00adel\u00adlen und Grup\u00adpe\u00adnaus\u00adstel\u00adlun\u00adgen im In- und Ausland teil. Darun\u00adter \u2013 um nur eini\u00adge zu nen\u00adnen \u2013 im Klub \u201eOd Nowa\u201c in Thorn, im Polni\u00adschen Insti\u00adtut in Ber\u00adlin, in der Gale\u00adrie des B\u00fcros f\u00fcr Kun\u00adstaus\u00adstel\u00adlun\u00adgen in Thorn, in der Gale\u00adrie des Kun\u00adst\u00adstu\u00addios in Thorn, in der Gale\u00adrie in Realin\u00adgen bei Oslo, in der Gale\u00adrie des Kun\u00adst\u00adstu\u00addios in W\u0142o\u00adc\u0142a\u00adwek, in der Gale\u00adrie des B\u00fcros f\u00fcr Kun\u00adstaus\u00adstel\u00adlun\u00adgen in Sie\u00adradz, im Weich\u00adsel\u00admu\u00adseum in Tczew, im Bez\u00adirk\u00adsmu\u00adseum in Thorn, in der Gale\u00adrie \u201eWozow\u00adnia\u201c in Thorn und in der Gale\u00adrie f\u00fcr Zeit\u00adge\u00adn\u00f6s\u00adsi\u00adsche Kunst in W\u0142oc\u0142awek.<\/p>\n<p>F\u00fcr sein Werk ist er schon mehr\u00adfach aus\u00adge\u00adze\u00adich\u00adnet wor\u00adden, u.a. im Mal\u00adwet\u00adt\u00adbe\u00adwerb \u201eImpres\u00adsio\u00adnen von W\u0142o\u00adc\u0142a\u00adwek\u201c, orga\u00adni\u00adsiert von der Kul\u00adtur\u00adge\u00adsel\u00adl\u00adschaft Kuja\u00adwien-Dobrin in W\u0142o\u00adc\u0142a\u00adwek, in der gesamt\u00adpol\u00adni\u00adschen Aus\u00adstel\u00adlung \u201eAqu\u00adarell an der Weich\u00adsel\u201c in der Gale\u00adrie f\u00fcr Zeit\u00adge\u00adn\u00f6s\u00adsi\u00adsche Kunst in W\u0142o\u00adc\u0142a\u00adwek, im Wet\u00adt\u00adbe\u00adwerb \u201eDas Werk des Jah\u00adres 1996\u201c, veran\u00adstal\u00adtet vom Bez\u00adirk\u00adsvor\u00adstand des Ver\u00adban\u00addes der Polni\u00adschen Bil\u00adden\u00adden K\u00fcn\u00adstler in Thorn und das Bez\u00adirk\u00adsmu\u00adseum in Thorn, im Mal\u00adwet\u00adt\u00adbe\u00adwerb \u201eLand\u00adschaft Kuja\u00adwien-Dobrin\u201c in der Gale\u00adrie f\u00fcr Zeit\u00adge\u00adn\u00f6s\u00adsi\u00adsche Kunst in W\u0142o\u00adc\u0142a\u00adwek. Krzysz\u00adtof Wal\u00adczew\u00adski erwarb 1996 den Pre\u00adis des Woiwo\u00adden von W\u0142o\u00adc\u0142a\u00adwek f\u00fcr das lan\u00adgj\u00e4h\u00adri\u00adge k\u00fcn\u00adstle\u00adri\u00adsche Schaf\u00adfen und die Ver\u00adbre\u00aditung der k\u00fcn\u00adstle\u00adri\u00adschen Leistun\u00adgen unter Kin\u00addern und Jugendlichen.<\/p>\n<p>Die Sch\u00fcler von Krzysz\u00adtof Wal\u00adczew\u00adski set\u00adzen mit Erfolg ihren Bil\u00addung\u00adsweg an&nbsp; k\u00fcn\u00adstle\u00adri\u00adschen und histo\u00adri\u00adschen Stu\u00addien\u00adg\u00e4n\u00adgen oder an der Archi\u00adtek\u00adtur\u00adfa\u00adkul\u00adt\u00e4t&nbsp;fort.<\/p>\n<p>Eini\u00adge Repro\u00adduk\u00adtio\u00adnen von seinen Aqu\u00adarel\u00adlen wur\u00adden in Wand\u00adka\u00adlen\u00addern und eben\u00adso als Illu\u00adstra\u00adtio\u00adnen im Foto\u00adal\u00adbum \u00fcber den Land\u00adscha\u00adft\u00adspark Gosty\u00adnin-W\u0142o\u00adc\u0142a\u00adwek ver\u00adwen\u00addet. Die Kunst ver\u00adbre\u00aditen\u00adden Arti\u00adkel vom Aqu\u00adarel\u00adl\u00adma\u00adler fin\u00addet man hin\u00adge\u00adgen in der p\u00e4da\u00adgo\u00adgi\u00adschen Monat\u00adsze\u00adit\u00adschrift \u201eKunst in der Schu\u00adle\u201c und in der Monat\u00adsze\u00adit\u00adschrift \u201eDas Leben von W\u0142oc\u0142awek\u201c.<\/p>\n<p>[\/et_pb_tab][\/et_pb_tabs][\/et_pb_column][\/et_pb_row][\/et_pb_section]<\/p>\n","protected":false},"excerpt":{"rendered":"<p>[et_pb_section bb_built=\"1\" _builder_version=\"3.0.105\" background_image=\"http:\/\/krzysztofwalczewski.art\/wp-content\/uploads\/2018\/03\/tlo5.jpg\" parallax=\"on\"][et_pb_row _builder_version=\"3.0.105\"][et_pb_column type=\"4_4\"][et_pb_text _builder_version=\"3.0.105\" background_layout=\"light\" header_text_align=\"center\" header_font_size=\"36px\"] Bio\u00adgra\u00adfia [\/et_pb_text][et_pb_divider _builder_version=\"3.0.105\" show_divider=\"on\" color=\"#cccccc\" height=\"12px\" max_width=\"70%\" module_alignment=\"center\" \/][\/et_pb_column][\/et_pb_row][et_pb_row][et_pb_column type=\"4_4\"][et_pb_image _builder_version=\"3.0.105\" src=\"http:\/\/krzysztofwalczewski.art\/wp-content\/uploads\/2018\/02\/DSC_0044\u20111.jpg\" show_in_lightbox=\"off\" url_new_window=\"off\" use_overlay=\"off\" always_center_on_mobile=\"on\" force_fullwidth=\"off\" show_bottom_space=\"on\" \/][et_pb_text _builder_version=\"3.0.105\" background_layout=\"light\" header_text_align=\"center\" custom_margin=\"6%|||\" header_2_text_align=\"center\"] Krzysz\u00adtof Wal\u00adczew\u00adski [\/et_pb_text][et_pb_tabs _builder_version=\"3.0.105\" tab_font=\"|300|||||||\" body_font=\"|300|||||||\" border_color_all=\"#eeeeee\" active_tab_background_color=\"#eeeeee\" inactive_tab_background_color=\"#fafafa\" module_class=\"biogram\" border_width_all=\"0px\"][et_pb_tab _builder_version=\"3.0.105\" title=\"Polski\" use_background_color_gradient=\"off\" background_color_gradient_start=\"#2b87da\" background_color_gradient_end=\"#29c4a9\" background_color_gradient_type=\"linear\" background_color_gradient_direction=\"180deg\" background_color_gradient_direction_radial=\"center\" background_color_gradient_start_position=\"0%\" [\u2026]<\/p>\n","protected":false},"author":1,"featured_media":0,"parent":5,"menu_order":0,"comment_status":"closed","ping_status":"closed","template":"","meta":{"_et_pb_use_builder":"on","_et_pb_old_content":"","_et_gb_content_width":"","inline_featured_image":false,"wp_typography_post_enhancements_disabled":false,"footnotes":""},"_links":{"self":[{"href":"https:\/\/krzysztofwalczewski.art\/index.php\/wp-json\/wp\/v2\/pages\/86"}],"collection":[{"href":"https:\/\/krzysztofwalczewski.art\/index.php\/wp-json\/wp\/v2\/pages"}],"about":[{"href":"https:\/\/krzysztofwalczewski.art\/index.php\/wp-json\/wp\/v2\/types\/page"}],"author":[{"embeddable":true,"href":"https:\/\/krzysztofwalczewski.art\/index.php\/wp-json\/wp\/v2\/users\/1"}],"replies":[{"embeddable":true,"href":"https:\/\/krzysztofwalczewski.art\/index.php\/wp-json\/wp\/v2\/comments?post=86"}],"version-history":[{"count":10,"href":"https:\/\/krzysztofwalczewski.art\/index.php\/wp-json\/wp\/v2\/pages\/86\/revisions"}],"predecessor-version":[{"id":188,"href":"https:\/\/krzysztofwalczewski.art\/index.php\/wp-json\/wp\/v2\/pages\/86\/revisions\/188"}],"up":[{"embeddable":true,"href":"https:\/\/krzysztofwalczewski.art\/index.php\/wp-json\/wp\/v2\/pages\/5"}],"wp:attachment":[{"href":"https:\/\/krzysztofwalczewski.art\/index.php\/wp-json\/wp\/v2\/media?parent=86"}],"curies":[{"name":"wp","href":"https:\/\/api.w.org\/{rel}","templated":true}]}}