{"id":84,"date":"2018-02-26T09:33:49","date_gmt":"2018-02-26T08:33:49","guid":{"rendered":"http:\/\/krzysztofwalczewski.art\/?page_id=84"},"modified":"2020-03-23T14:49:32","modified_gmt":"2020-03-23T13:49:32","slug":"wystawy","status":"publish","type":"page","link":"https:\/\/krzysztofwalczewski.art\/index.php\/strona-glowna\/wystawy\/","title":{"rendered":"Wystawy"},"content":{"rendered":"<p>[et_pb_section fb_built=\"1\" _builder_version=\"3.22\" background_image=\"http:\/\/krzysztofwalczewski.art\/wp-content\/uploads\/2018\/03\/tlo5.jpg\" parallax=\"on\"][et_pb_row _builder_version=\"3.25\"][et_pb_column type=\"4_4\" _builder_version=\"3.25\" custom_padding=\"|||\" custom_padding__hover=\"|||\"][et_pb_text _builder_version=\"3.27.4\" header_text_align=\"center\" header_font_size=\"36px\"]<\/p>\n<h1>Wystawy<\/h1>\n<p>[\/et_pb_text][et_pb_divider show_divider=\"off\" _builder_version=\"3.2\" max_width=\"70%\" module_alignment=\"center\" height=\"12px\"][\/et_pb_divider][\/et_pb_column][\/et_pb_row][et_pb_row _builder_version=\"3.25\" background_size=\"initial\" background_position=\"top_left\" background_repeat=\"repeat\"][et_pb_column type=\"4_4\" _builder_version=\"3.25\" custom_padding=\"|||\" custom_padding__hover=\"|||\"][et_pb_text module_class=\"wystawy\" _builder_version=\"3.27.4\" text_font=\"|300|||||||\"]<\/p>\n<h3><span style=\"font-size: 27px;\">1975 r.<\/span><\/h3>\n<ul>\n<li>Klub \"ODNOWA\" Toru\u0144 (indy\u00adwi\u00addu\u00adal\u00adna),<\/li>\n<\/ul>\n<h3>1976 r.<\/h3>\n<ul>\n<li>Klub \"Meri\u00adno\u00adtex\" Toru\u0144 (indy\u00adwi\u00addu\u00adal\u00adna),<\/li>\n<\/ul>\n<h3>1980 r.<\/h3>\n<ul>\n<li>Klub \"Ela\u00adna\" Toru\u0144 (indy\u00adwi\u00addu\u00adal\u00adna),<\/li>\n<li>Gale\u00adria BWA Toru\u0144, wysta\u00adwa \u015bro\u00addo\u00adwi\u00adska toru\u0144\u00adskie\u00adgo z&nbsp;oka\u00adzji 35-lecia Zwi\u0105z\u00adku Pol\u00adskich Arty\u00adst\u00f3w Pla\u00adsty\u00adk\u00f3w w&nbsp;Toru\u00adniu (zbio\u00adro\u00adwa)<\/li>\n<\/ul>\n<h3>1981 r.<\/h3>\n<ul>\n<li>Gale\u00adria Klu\u00adbu Mi\u0119\u00addzy\u00adna\u00adro\u00addo\u00adwej Pra\u00adsy i&nbsp;Ksi\u0105\u017c\u00adki Grudzi\u0105dz<\/li>\n<li>Gale\u00adria Biu\u00adra Wystaw Arty\u00adstycz\u00adnych Szczecin,<\/li>\n<li>Dom Kul\u00adtu\u00adry \u015awi\u00adno\u00aduj\u00ad\u015bcie, Gale\u00adria \"Star-Art.\" Star\u00adgard Szcze\u00adci\u0144\u00adski (indy\u00adwi\u00addu\u00adal\u00adne)<\/li>\n<\/ul>\n<h3>1982 r.<\/h3>\n<ul>\n<li>O\u015bro\u00addek Infor\u00adma\u00adcji i&nbsp;Kul\u00adtu\u00adry Pol\u00adskiej w&nbsp;Ber\u00adli\u00adnie (indy\u00adwi\u00addu\u00adal\u00adna),<\/li>\n<li>Klub \"FAM\" Che\u0142m\u00adno (indy\u00adwi\u00addu\u00adal\u00adna),<\/li>\n<\/ul>\n<h3>1983 r.<\/h3>\n<ul>\n<li>Gale\u00adria Klu\u00adbu Mi\u0119\u00addzy\u00adna\u00adro\u00addo\u00adwej Pra\u00adsy i&nbsp;Ksi\u0105\u017c\u00adki S\u0142upsk (indy\u00adwi\u00addu\u00adal\u00adna),<\/li>\n<\/ul>\n<h3>1984 r.<\/h3>\n<ul>\n<li>Gale\u00adria PSP Toru\u0144 (indy\u00adwi\u00addu\u00adal\u00adna),<\/li>\n<\/ul>\n<h3>1986 r.<\/h3>\n<ul>\n<li>Gale\u00adria w&nbsp;Realin\u00adgen k.\/Oslo (indy\u00adwi\u00addu\u00adal\u00adna),<\/li>\n<\/ul>\n<h3>1987 r.<\/h3>\n<ul>\n<li>Gale\u00adria Biu\u00adra Wystaw Arty\u00adstycz\u00adnych w&nbsp;Sie\u00adra\u00addzu, pople\u00adne\u00adro\u00adwa (zbio\u00adro\u00adwa),<\/li>\n<li>Gale\u00adria PSP W\u0142o\u00adc\u0142a\u00adwek (indy\u00adwi\u00addu\u00adal\u00adna),<\/li>\n<\/ul>\n<h3>1988 r.<\/h3>\n<ul>\n<li>Gale\u00adria PSP W\u0142o\u00adc\u0142a\u00adwek (indy\u00adwi\u00addu\u00adal\u00adna),<\/li>\n<\/ul>\n<h3>1991 r.<\/h3>\n<ul>\n<li>Tumult Toru\u0144\u00adski (zbio\u00adro\u00adwa)<\/li>\n<\/ul>\n<h3>1994 r.<\/h3>\n<ul>\n<li>Pa\u0144\u00adstwo\u00adwa Gale\u00adria Sztu\u00adki Wsp\u00f3\u0142\u00adcze\u00adsnej we W\u0142o\u00adc\u0142aw\u00adku, pokon\u00adkur\u00adso\u00adwa I&nbsp;Trien\u00adna\u00adle Pla\u00adsty\u00adki W\u0142o\u00adc\u0142aw\u00adskiej&nbsp;&nbsp;&nbsp; (zbio\u00adro\u00adwa).<\/li>\n<li>Czar\u00adny Spichrz W\u0142o\u00adc\u0142a\u00adwek, pokon\u00adkur\u00adso\u00adwa \"W\u0142o\u00adc\u0142aw\u00adskie Impre\u00adsje\" (zbio\u00adro\u00adwa),<\/li>\n<\/ul>\n<h3>1995 r.<\/h3>\n<ul>\n<li>Pa\u0144\u00adstwo\u00adwa Gale\u00adria Sztu\u00adki Wsp\u00f3\u0142\u00adcze\u00adsnej we W\u0142o\u00adc\u0142aw\u00adku, pokon\u00adkur\u00adso\u00adwa \"Akwa\u00adre\u00adla znad Wis\u0142y\" (zbio\u00adro\u00adwa)<\/li>\n<li>Gale\u00adria Biu\u00adra Wystaw Arty\u00adstycz\u00adnych w&nbsp;Sie\u00adra\u00addzu, pople\u00adne\u00adro\u00adwa (zbio\u00adro\u00adwa),<\/li>\n<li>Pa\u0144\u00adstwo\u00adwa Gale\u00adria Sztu\u00adki Wsp\u00f3\u0142\u00adcze\u00adsnej we W\u0142o\u00adc\u0142aw\u00adku, wysta\u00adwa pla\u00adsty\u00adki z&nbsp;oka\u00adzji 20-lecia woje\u00adw\u00f3dz\u00adtwa w\u0142o\u00adc\u0142aw\u00adskie\u00adgo (zbio\u00adro\u00adwa),<\/li>\n<li>Muzeum Wis\u0142y w&nbsp;Tcze\u00adwie (zbio\u00adro\u00adwa),<\/li>\n<li>Gmin\u00adny O\u015bro\u00addek Kul\u00adtu\u00adry w&nbsp;Raci\u0105\u00ad\u017cu (indy\u00adwi\u00addu\u00adal\u00adna)<\/li>\n<\/ul>\n<h3>1997 r.<\/h3>\n<ul>\n<li>Muzeum Okr\u0119\u00adgo\u00adwe w&nbsp;Toru\u00adniu, pokon\u00adkur\u00adso\u00adwa \"Dzie\u00ad\u0142o Roku 1996\" (zbio\u00adro\u00adwa),<\/li>\n<\/ul>\n<h3>1998 r.<\/h3>\n<ul>\n<li>Gale\u00adria Sztu\u00adki Wsp\u00f3\u0142\u00adcze\u00adsnej W\u0142o\u00adc\u0142a\u00adwek (indy\u00adwi\u00addu\u00adal\u00adna),<\/li>\n<li>Gale\u00adria Sztu\u00adki Wsp\u00f3\u0142\u00adcze\u00adsnej W\u0142o\u00adc\u0142a\u00adwek, pokon\u00adkur\u00adso\u00adwa \"Pej\u00adza\u017c Dobrzy\u0144\u00adsko \u2013 Kujaw\u00adski\" (zbio\u00adro\u00adwa)<\/li>\n<\/ul>\n<h3>1999 r.<\/h3>\n<ul>\n<li>Biu\u00adro Wystaw Arty\u00adstycz\u00adnych Gorz\u00f3w Wiel\u00adko\u00adpol\u00adski (indy\u00adwi\u00addu\u00adal\u00adna)<\/li>\n<\/ul>\n<h3>2001 r.<\/h3>\n<ul>\n<li>Gale\u00adria \"Wozow\u00adnia\" Toru\u0144 (indy\u00adwi\u00addu\u00adal\u00adna),<\/li>\n<li>Gale\u00adria Sztu\u00adki Wsp\u00f3\u0142\u00adcze\u00adsnej W\u0142o\u00adc\u0142a\u00adwek, pople\u00adne\u00adro\u00adwa \"Kolek\u00adcja dobrzy\u0144\u00adska\" (zbio\u00adro\u00adwa)<\/li>\n<\/ul>\n<h3>2002 r.<\/h3>\n<ul>\n<li>Miej\u00adskie Cen\u00adtrum Kul\u00adtu\u00adry Alek\u00adsan\u00addr\u00f3w Kujaw\u00adski (indy\u00adwi\u00addu\u00adal\u00adna)<\/li>\n<li>Bank PBK S.A. w&nbsp;Toru\u00adniu (indy\u00adwi\u00addu\u00adal\u00adna)<\/li>\n<li>Zamek \u015awi\u00addwin (indy\u00adwi\u00addu\u00adal\u00adna)<\/li>\n<\/ul>\n<h3>2004 r.<\/h3>\n<ul>\n<li>pople\u00adne\u00adro\u00adwa, I&nbsp;Og\u00f3l\u00adno\u00adpol\u00adski Ple\u00adner Malar\u00adski \"Bar\u00adwy Kujaw\" MCK Alek\u00adsan\u00addr\u00f3w Kujaw\u00adski (zbio\u00adro\u00adwa),<\/li>\n<\/ul>\n<h3>2005 r.<\/h3>\n<ul>\n<li>pople\u00adne\u00adro\u00adwa, II Og\u00f3l\u00adno\u00adpol\u00adski Ple\u00adner Malar\u00adski \"Bar\u00adwy Kujaw\" MCK Alek\u00adsan\u00addr\u00f3w Kujaw\u00adski (zbio\u00adro\u00adwa),<\/li>\n<li>Gale\u00adria \"Pod\u00adda\u00adsze\" w&nbsp;Szko\u00adle Pod\u00adsta\u00adwo\u00adwej nr 8&nbsp;we W\u0142o\u00adc\u0142aw\u00adku (indy\u00adwi\u00addu\u00adal\u00adna)<\/li>\n<\/ul>\n<h3>2006 r.<\/h3>\n<ul>\n<li>V Trien\u00adna\u00adle Pla\u00adsty\u00adki W\u0142o\u00adc\u0142aw\u00adskiej, Gale\u00adria Sztu\u00adki Wsp\u00f3\u0142\u00adcze\u00adsnej we W\u0142o\u00adc\u0142aw\u00adku (zbio\u00adro\u00adwa)<\/li>\n<\/ul>\n<h3>2012 r.<\/h3>\n<ul>\n<li>Muzeum Sta\u00adni\u00ads\u0142a\u00adwa Noakow\u00adskie\u00adgo w&nbsp;Nie\u00adsza\u00adwie (indy\u00adwi\u00addu\u00adal\u00adna)<\/li>\n<li>Gale\u00adria Sztu\u00adki Wsp\u00f3\u0142\u00adcze\u00adsnej we W\u0142o\u00adc\u0142aw\u00adku, wysta\u00adwa pople\u00adne\u00adro\u00adwa Sm\u00f3l\u00adnik 2012, (zbio\u00adro\u00adwa)<\/li>\n<li>\"Razem i&nbsp;osob\u00adno\" Gale\u00adria Sztu\u00adki Wsp\u00f3\u0142\u00adcze\u00adsnej we W\u0142o\u00adc\u0142aw\u00adku (indy\u00adwi\u00addu\u00adal\u00adna)<\/li>\n<\/ul>\n<h3>2014 r.<\/h3>\n<ul>\n<li>DKTK Czar\u00adny Spichrz W\u0142o\u00adc\u0142a\u00adwek (indy\u00adwi\u00addu\u00adal\u00adna)<\/li>\n<\/ul>\n<h3>2017 r.<\/h3>\n<ul>\n<li>\"Alfa\u00adbet W\u0142o\u00adc\u0142aw\u00adski\" \u2013 Biu\u00adro Wystaw Arty\u00adstycz\u00adnych w&nbsp;Pile (zbio\u00adro\u00adwa)<\/li>\n<li>\"Rze\u00adka\" \u2013 Gale\u00adria Sztu\u00adki Wsp\u00f3\u0142\u00adcze\u00adsnej we W\u0142o\u00adc\u0142aw\u00adku (zbio\u00adro\u00adwa)<\/li>\n<li>\"Woda\u2026 Dar\" \u2013 Gale\u00adria Wie\u00ad\u017cy Ci\u015bnie\u0144 w&nbsp;Byd\u00adgosz\u00adczy (zbio\u00adro\u00adwa)<\/li>\n<\/ul>\n<h3>2018 r.<\/h3>\n<ul>\n<li>\"Alek\u00adsan\u00addra\u00adle\" Gale\u00adria Sztu\u00adki Wsp\u00f3\u0142\u00adcze\u00adsnej we W\u0142o\u00adc\u0142aw\u00adku (zbio\u00adro\u00adwa)<\/li>\n<li>\"Pej\u00adza\u017c kujaw\u00adski\" Gale\u00adria Nova \u2013 Sta\u00adry Szpi\u00adtal Jero\u00adzo\u00adlim\u00adski \u2013 Mal\u00adbork (indy\u00adwi\u00addu\u00adal\u00adna)<\/li>\n<li>\"100 obra\u00adz\u00f3w na stu\u00adle\u00adcie nie\u00adpod\u00adle\u00adg\u0142o\u00ad\u015bci\" \u2013 Dw\u00f3r Artu\u00adsa w&nbsp;Toru\u00adniu (zbio\u00adro\u00adwa)<\/li>\n<li>\"IX Trien\u00adna\u00adle Pla\u00adsty\u00adki W\u0142o\u00adc\u0142aw\u00adskiej\" \u2013 Gale\u00adria Sztu\u00adki Wsp\u00f3\u0142\u00adcze\u00adsnej we W\u0142o\u00adc\u0142aw\u00adku (zbio\u00adro\u00adwa)<\/li>\n<\/ul>\n<h3>2019 r.<\/h3>\n<ul>\n<li>\"Akwa\u00adre\u00adle \u2013 Zbi\u00adgniew Jan\u00adkow\u00adski, Krzysz\u00adtof Wal\u00adczew\u00adski\" \u2013 Gale\u00adria Ome\u00adga w&nbsp;Toru\u00adniu (zbio\u00adro\u00adwa)<\/li>\n<li>\u201eDla uczcze\u00adnia 100. Lecia Powro\u00adtu Toru\u00adnia do Pol\u00adski\u201d \u2013 Gale\u00adria ZPAP w&nbsp;Toru\u00adniu (zbio\u00adro\u00adwa)<\/li>\n<li>\u201eDzie\u00ad\u0142a Anna\u00adle ZPAP Toru\u0144 2018\/19\" \u2013 Gale\u00adria ZPAP w&nbsp;Toru\u00adniu (zbio\u00adro\u00adwa)<\/li>\n<li>Gale\u00adria \"Antre\u00adso\u00adla\" Sana\u00adto\u00adrium pod T\u0119\u017c\u00adnia\u00admi, Cie\u00adcho\u00adci\u00adnek (indy\u00adwi\u00addu\u00adal\u00adna)<\/li>\n<li>\u201eObraz Cz\u0142o\u00adwie\u00adka\" \u2013 Gale\u00adria Ome\u00adga w&nbsp;Toru\u00adniu (zbio\u00adro\u00adwa)<\/li>\n<\/ul>\n<p>[\/et_pb_text][\/et_pb_column][\/et_pb_row][\/et_pb_section]<\/p>\n","protected":false},"excerpt":{"rendered":"<p>[et_pb_section fb_built=\"1\" _builder_version=\"3.22\" background_image=\"http:\/\/krzysztofwalczewski.art\/wp-content\/uploads\/2018\/03\/tlo5.jpg\" parallax=\"on\"][et_pb_row _builder_version=\"3.25\"][et_pb_column type=\"4_4\" _builder_version=\"3.25\" custom_padding=\"|||\" custom_padding__hover=\"|||\"][et_pb_text _builder_version=\"3.27.4\" header_text_align=\"center\" header_font_size=\"36px\"] Wysta\u00adwy [\/et_pb_text][et_pb_divider show_divider=\"off\" _builder_version=\"3.2\" max_width=\"70%\" module_alignment=\"center\" height=\"12px\"][\/et_pb_divider][\/et_pb_column][\/et_pb_row][et_pb_row _builder_version=\"3.25\" background_size=\"initial\" background_position=\"top_left\" background_repeat=\"repeat\"][et_pb_column type=\"4_4\" _builder_version=\"3.25\" custom_padding=\"|||\" custom_padding__hover=\"|||\"][et_pb_text module_class=\"wystawy\" _builder_version=\"3.27.4\" text_font=\"|300|||||||\"] 1975 r. Klub \"ODNOWA\" Toru\u0144 (indy\u00adwi\u00addu\u00adal\u00adna), 1976 r. Klub \"Meri\u00adno\u00adtex\" Toru\u0144 (indy\u00adwi\u00addu\u00adal\u00adna), 1980 r. Klub \"Ela\u00adna\" Toru\u0144 (indy\u00adwi\u00addu\u00adal\u00adna), Gale\u00adria BWA Toru\u0144, wysta\u00adwa \u015bro\u00addo\u00adwi\u00adska toru\u0144skiego&nbsp;[\u2026]<\/p>\n","protected":false},"author":1,"featured_media":0,"parent":5,"menu_order":0,"comment_status":"closed","ping_status":"closed","template":"","meta":{"_et_pb_use_builder":"on","_et_pb_old_content":"","_et_gb_content_width":"","inline_featured_image":false,"wp_typography_post_enhancements_disabled":false,"footnotes":""},"_links":{"self":[{"href":"https:\/\/krzysztofwalczewski.art\/index.php\/wp-json\/wp\/v2\/pages\/84"}],"collection":[{"href":"https:\/\/krzysztofwalczewski.art\/index.php\/wp-json\/wp\/v2\/pages"}],"about":[{"href":"https:\/\/krzysztofwalczewski.art\/index.php\/wp-json\/wp\/v2\/types\/page"}],"author":[{"embeddable":true,"href":"https:\/\/krzysztofwalczewski.art\/index.php\/wp-json\/wp\/v2\/users\/1"}],"replies":[{"embeddable":true,"href":"https:\/\/krzysztofwalczewski.art\/index.php\/wp-json\/wp\/v2\/comments?post=84"}],"version-history":[{"count":8,"href":"https:\/\/krzysztofwalczewski.art\/index.php\/wp-json\/wp\/v2\/pages\/84\/revisions"}],"predecessor-version":[{"id":209,"href":"https:\/\/krzysztofwalczewski.art\/index.php\/wp-json\/wp\/v2\/pages\/84\/revisions\/209"}],"up":[{"embeddable":true,"href":"https:\/\/krzysztofwalczewski.art\/index.php\/wp-json\/wp\/v2\/pages\/5"}],"wp:attachment":[{"href":"https:\/\/krzysztofwalczewski.art\/index.php\/wp-json\/wp\/v2\/media?parent=84"}],"curies":[{"name":"wp","href":"https:\/\/api.w.org\/{rel}","templated":true}]}}